{"id":6196,"date":"2021-01-14T08:17:17","date_gmt":"2021-01-14T08:17:17","guid":{"rendered":"http:\/\/projet2.lepoles.com\/?page_id=6196"},"modified":"2023-05-11T09:58:05","modified_gmt":"2023-05-11T09:58:05","slug":"notre-equipe","status":"publish","type":"page","link":"https:\/\/fablab.lepoles.org\/index.php\/notre-equipe\/","title":{"rendered":"Notre \u00c9quipe"},"content":{"rendered":"<p>[et_pb_section fb_built=\u00a0\u00bb1&Prime; _builder_version=\u00a0\u00bb4.16&Prime; _module_preset=\u00a0\u00bbdefault\u00a0\u00bb global_colors_info=\u00a0\u00bb{}\u00a0\u00bb][et_pb_row _builder_version=\u00a0\u00bb4.16&Prime; custom_padding=\u00a0\u00bb12px|||||\u00a0\u00bb border_radii=\u00a0\u00bbon|1px|1px|1px|1px\u00a0\u00bb global_colors_info=\u00a0\u00bb{}\u00a0\u00bb][et_pb_column type=\u00a0\u00bb4_4&Prime; _builder_version=\u00a0\u00bb4.16&Prime; global_colors_info=\u00a0\u00bb{}\u00a0\u00bb][et_pb_text module_id=\u00a0\u00bbprojet\u00a0\u00bb _builder_version=\u00a0\u00bb4.16&Prime; text_font=\u00a0\u00bbPier sans regular||||||||\u00a0\u00bb text_text_color=\u00a0\u00bb#e02b20&Prime; text_font_size=\u00a0\u00bb100px\u00a0\u00bb text_letter_spacing=\u00a0\u00bb3px\u00a0\u00bb header_2_font_size=\u00a0\u00bb30px\u00a0\u00bb header_3_font=\u00a0\u00bbPoppins|700||on|||||\u00a0\u00bb header_3_text_align=\u00a0\u00bbleft\u00a0\u00bb header_3_text_color=\u00a0\u00bb#da1614&Prime; header_3_font_size=\u00a0\u00bb20px\u00a0\u00bb header_3_letter_spacing=\u00a0\u00bb1px\u00a0\u00bb header_3_line_height=\u00a0\u00bb2em\u00a0\u00bb custom_margin=\u00a0\u00bb||-2px||false|false\u00a0\u00bb custom_padding=\u00a0\u00bb||0px|||\u00a0\u00bb global_colors_info=\u00a0\u00bb{}\u00a0\u00bb]<\/p>\n<h2><span style=\"color: #ff0000;\"><strong>Notre \u00c9quipe<\/strong><\/span><\/h2>\n<p>[\/et_pb_text][et_pb_divider color=\u00a0\u00bb#ff3200&Prime; divider_weight=\u00a0\u00bb4px\u00a0\u00bb _builder_version=\u00a0\u00bb4.16&Prime; background_color=\u00a0\u00bb#ffffff\u00a0\u00bb max_width=\u00a0\u00bb60px\u00a0\u00bb module_alignment=\u00a0\u00bbleft\u00a0\u00bb height=\u00a0\u00bb2px\u00a0\u00bb global_colors_info=\u00a0\u00bb{}\u00a0\u00bb][\/et_pb_divider][\/et_pb_column][\/et_pb_row][et_pb_row column_structure=\u00a0\u00bb1_4,1_4,1_4,1_4&Prime; _builder_version=\u00a0\u00bb4.16&Prime; _module_preset=\u00a0\u00bbdefault\u00a0\u00bb global_colors_info=\u00a0\u00bb{}\u00a0\u00bb][et_pb_column type=\u00a0\u00bb1_4&Prime; _builder_version=\u00a0\u00bb4.16&Prime; _module_preset=\u00a0\u00bbdefault\u00a0\u00bb global_colors_info=\u00a0\u00bb{}\u00a0\u00bb][et_pb_text _builder_version=\u00a0\u00bb4.16&Prime; _module_preset=\u00a0\u00bbdefault\u00a0\u00bb header_2_font=\u00a0\u00bbPier sans regular|700|||on||||\u00a0\u00bb header_2_text_align=\u00a0\u00bbcenter\u00a0\u00bb header_2_font_size=\u00a0\u00bb32px\u00a0\u00bb header_2_letter_spacing=\u00a0\u00bb1px\u00a0\u00bb header_2_line_height=\u00a0\u00bb1.4em\u00a0\u00bb header_3_text_align=\u00a0\u00bbcenter\u00a0\u00bb header_3_font_size=\u00a0\u00bb15px\u00a0\u00bb header_3_line_height=\u00a0\u00bb1.2em\u00a0\u00bb min_height=\u00a0\u00bb500px\u00a0\u00bb custom_margin=\u00a0\u00bb||||false|false\u00a0\u00bb custom_padding=\u00a0\u00bb11.7%||11.7%||true|false\u00a0\u00bb box_shadow_style=\u00a0\u00bbpreset1&Prime; box_shadow_color=\u00a0\u00bbgcid-790cafaf-e2aa-4247-845b-9e07bd837416&Prime; global_colors_info=\u00a0\u00bb{%22gcid-790cafaf-e2aa-4247-845b-9e07bd837416%22:%91%22box_shadow_color%22,%22box_shadow_color%22,%22box_shadow_color%22,%22box_shadow_color%22,%22box_shadow_color%22%93}\u00a0\u00bb]<\/p>\n<h2><img loading=\"lazy\" decoding=\"async\" src=\"https:\/\/fablab.lepoles.org\/wp-content\/uploads\/2021\/09\/MicrosoftTeams-image4-204x300.jpg\" alt=\"\" class=\"wp-image-6475 size-medium\" style=\"display: block; margin-left: auto; margin-right: auto;\" width=\"204\" height=\"300\" \/><\/h2>\n<h2><\/h2>\n<h2><\/h2>\n<h2>Eric Privat<\/h2>\n<h2><\/h2>\n<h3>Charg\u00e9e d&rsquo;accompagnement socio-professionnel<\/h3>\n<p>[\/et_pb_text][\/et_pb_column][et_pb_column type=\u00a0\u00bb1_4&Prime; _builder_version=\u00a0\u00bb4.19.0&Prime; _module_preset=\u00a0\u00bbdefault\u00a0\u00bb global_colors_info=\u00a0\u00bb{}\u00a0\u00bb][et_pb_text _builder_version=\u00a0\u00bb4.16&Prime; _module_preset=\u00a0\u00bbdefault\u00a0\u00bb header_2_font=\u00a0\u00bbPier sans regular|700|||on||||\u00a0\u00bb header_2_text_align=\u00a0\u00bbcenter\u00a0\u00bb header_2_font_size=\u00a0\u00bb32px\u00a0\u00bb header_2_letter_spacing=\u00a0\u00bb1px\u00a0\u00bb header_2_line_height=\u00a0\u00bb1.4em\u00a0\u00bb header_3_text_align=\u00a0\u00bbcenter\u00a0\u00bb header_3_font_size=\u00a0\u00bb15px\u00a0\u00bb header_3_line_height=\u00a0\u00bb1.2em\u00a0\u00bb min_height=\u00a0\u00bb500px\u00a0\u00bb custom_margin=\u00a0\u00bb||||false|false\u00a0\u00bb custom_padding=\u00a0\u00bb10%||10%||false|false\u00a0\u00bb box_shadow_style=\u00a0\u00bbpreset1&Prime; box_shadow_color=\u00a0\u00bbgcid-790cafaf-e2aa-4247-845b-9e07bd837416&Prime; global_colors_info=\u00a0\u00bb{%22gcid-790cafaf-e2aa-4247-845b-9e07bd837416%22:%91%22box_shadow_color%22,%22box_shadow_color%22%93}\u00a0\u00bb]<\/p>\n<h2><img loading=\"lazy\" decoding=\"async\" src=\"https:\/\/fablab.lepoles.org\/wp-content\/uploads\/2021\/09\/MicrosoftTeams-image-8-232x300.jpg\" alt=\"\" class=\"wp-image-6513 size-medium\" width=\"232\" height=\"300\" \/><\/h2>\n<h2><\/h2>\n<h2>Lisa Ricci<\/h2>\n<h3>Charg\u00e9e d&rsquo;accompagnement socio-professionnel<\/h3>\n<p>[\/et_pb_text][\/et_pb_column][et_pb_column type=\u00a0\u00bb1_4&Prime; _builder_version=\u00a0\u00bb4.16&Prime; _module_preset=\u00a0\u00bbdefault\u00a0\u00bb global_colors_info=\u00a0\u00bb{}\u00a0\u00bb][\/et_pb_column][et_pb_column type=\u00a0\u00bb1_4&Prime; _builder_version=\u00a0\u00bb4.16&Prime; _module_preset=\u00a0\u00bbdefault\u00a0\u00bb global_colors_info=\u00a0\u00bb{}\u00a0\u00bb][\/et_pb_column][\/et_pb_row][et_pb_row column_structure=\u00a0\u00bb1_3,1_3,1_3&Prime; _builder_version=\u00a0\u00bb4.16&Prime; _module_preset=\u00a0\u00bbdefault\u00a0\u00bb global_colors_info=\u00a0\u00bb{}\u00a0\u00bb][et_pb_column type=\u00a0\u00bb1_3&Prime; _builder_version=\u00a0\u00bb4.16&Prime; _module_preset=\u00a0\u00bbdefault\u00a0\u00bb global_colors_info=\u00a0\u00bb{}\u00a0\u00bb][\/et_pb_column][et_pb_column type=\u00a0\u00bb1_3&Prime; _builder_version=\u00a0\u00bb4.16&Prime; _module_preset=\u00a0\u00bbdefault\u00a0\u00bb global_colors_info=\u00a0\u00bb{}\u00a0\u00bb][\/et_pb_column][et_pb_column type=\u00a0\u00bb1_3&Prime; _builder_version=\u00a0\u00bb4.16&Prime; _module_preset=\u00a0\u00bbdefault\u00a0\u00bb global_colors_info=\u00a0\u00bb{}\u00a0\u00bb][\/et_pb_column][\/et_pb_row][\/et_pb_section]<\/p>\n","protected":false},"excerpt":{"rendered":"<p>Notre \u00c9quipe Eric Privat Charg\u00e9e d&rsquo;accompagnement socio-professionnel Lisa Ricci Charg\u00e9e d&rsquo;accompagnement socio-professionnel<\/p>\n","protected":false},"author":12,"featured_media":1314,"parent":0,"menu_order":0,"comment_status":"closed","ping_status":"closed","template":"","meta":{"_et_pb_use_builder":"on","_et_pb_old_content":"","_et_gb_content_width":"","footnotes":""},"class_list":["post-6196","page","type-page","status-publish","has-post-thumbnail","hentry"],"yoast_head":"<!-- This site is optimized with the Yoast SEO plugin v27.5 - https:\/\/yoast.com\/product\/yoast-seo-wordpress\/ -->\n<title>Notre \u00c9quipe - FabLab PoleS<\/title>\n<meta name=\"robots\" content=\"index, follow, max-snippet:-1, max-image-preview:large, max-video-preview:-1\" \/>\n<link rel=\"canonical\" href=\"https:\/\/fablab.lepoles.org\/index.php\/notre-equipe\/\" \/>\n<meta property=\"og:locale\" content=\"fr_FR\" \/>\n<meta property=\"og:type\" content=\"article\" \/>\n<meta property=\"og:title\" content=\"Notre \u00c9quipe - FabLab PoleS\" \/>\n<meta property=\"og:description\" content=\"Notre \u00c9quipe Eric Privat Charg\u00e9e d&#039;accompagnement socio-professionnel Lisa Ricci Charg\u00e9e d&#039;accompagnement socio-professionnel\" \/>\n<meta property=\"og:url\" content=\"https:\/\/fablab.lepoles.org\/index.php\/notre-equipe\/\" \/>\n<meta property=\"og:site_name\" content=\"FabLab PoleS\" \/>\n<meta property=\"article:publisher\" content=\"https:\/\/www.facebook.com\/lePoleSolidaire\" \/>\n<meta property=\"article:modified_time\" content=\"2023-05-11T09:58:05+00:00\" \/>\n<meta property=\"og:image\" content=\"https:\/\/fablab.lepoles.org\/wp-content\/uploads\/2020\/08\/logo-02.png\" \/>\n\t<meta property=\"og:image:width\" content=\"2082\" \/>\n\t<meta property=\"og:image:height\" content=\"802\" \/>\n\t<meta property=\"og:image:type\" content=\"image\/png\" \/>\n<meta name=\"twitter:card\" content=\"summary_large_image\" \/>\n<meta name=\"twitter:site\" content=\"@lepolesidf\" \/>\n<meta name=\"twitter:label1\" content=\"Dur\u00e9e de lecture estim\u00e9e\" \/>\n\t<meta name=\"twitter:data1\" content=\"2 minutes\" \/>\n<script type=\"application\/ld+json\" class=\"yoast-schema-graph\">{\"@context\":\"https:\\\/\\\/schema.org\",\"@graph\":[{\"@type\":\"WebPage\",\"@id\":\"https:\\\/\\\/fablab.lepoles.org\\\/index.php\\\/notre-equipe\\\/\",\"url\":\"https:\\\/\\\/fablab.lepoles.org\\\/index.php\\\/notre-equipe\\\/\",\"name\":\"Notre \u00c9quipe - FabLab PoleS\",\"isPartOf\":{\"@id\":\"https:\\\/\\\/fablab.lepoles.org\\\/#website\"},\"primaryImageOfPage\":{\"@id\":\"https:\\\/\\\/fablab.lepoles.org\\\/index.php\\\/notre-equipe\\\/#primaryimage\"},\"image\":{\"@id\":\"https:\\\/\\\/fablab.lepoles.org\\\/index.php\\\/notre-equipe\\\/#primaryimage\"},\"thumbnailUrl\":\"https:\\\/\\\/fablab.lepoles.org\\\/wp-content\\\/uploads\\\/2020\\\/08\\\/logo-02.png\",\"datePublished\":\"2021-01-14T08:17:17+00:00\",\"dateModified\":\"2023-05-11T09:58:05+00:00\",\"breadcrumb\":{\"@id\":\"https:\\\/\\\/fablab.lepoles.org\\\/index.php\\\/notre-equipe\\\/#breadcrumb\"},\"inLanguage\":\"fr-FR\",\"potentialAction\":[{\"@type\":\"ReadAction\",\"target\":[\"https:\\\/\\\/fablab.lepoles.org\\\/index.php\\\/notre-equipe\\\/\"]}]},{\"@type\":\"ImageObject\",\"inLanguage\":\"fr-FR\",\"@id\":\"https:\\\/\\\/fablab.lepoles.org\\\/index.php\\\/notre-equipe\\\/#primaryimage\",\"url\":\"https:\\\/\\\/fablab.lepoles.org\\\/wp-content\\\/uploads\\\/2020\\\/08\\\/logo-02.png\",\"contentUrl\":\"https:\\\/\\\/fablab.lepoles.org\\\/wp-content\\\/uploads\\\/2020\\\/08\\\/logo-02.png\",\"width\":2082,\"height\":802},{\"@type\":\"BreadcrumbList\",\"@id\":\"https:\\\/\\\/fablab.lepoles.org\\\/index.php\\\/notre-equipe\\\/#breadcrumb\",\"itemListElement\":[{\"@type\":\"ListItem\",\"position\":1,\"name\":\"Accueil\",\"item\":\"https:\\\/\\\/fablab.lepoles.org\\\/\"},{\"@type\":\"ListItem\",\"position\":2,\"name\":\"Notre \u00c9quipe\"}]},{\"@type\":\"WebSite\",\"@id\":\"https:\\\/\\\/fablab.lepoles.org\\\/#website\",\"url\":\"https:\\\/\\\/fablab.lepoles.org\\\/\",\"name\":\"FabLab PoleS\",\"description\":\"Les fablabs du PoleS\",\"publisher\":{\"@id\":\"https:\\\/\\\/fablab.lepoles.org\\\/#organization\"},\"potentialAction\":[{\"@type\":\"SearchAction\",\"target\":{\"@type\":\"EntryPoint\",\"urlTemplate\":\"https:\\\/\\\/fablab.lepoles.org\\\/?s={search_term_string}\"},\"query-input\":{\"@type\":\"PropertyValueSpecification\",\"valueRequired\":true,\"valueName\":\"search_term_string\"}}],\"inLanguage\":\"fr-FR\"},{\"@type\":\"Organization\",\"@id\":\"https:\\\/\\\/fablab.lepoles.org\\\/#organization\",\"name\":\"FabLab PoleS\",\"url\":\"https:\\\/\\\/fablab.lepoles.org\\\/\",\"logo\":{\"@type\":\"ImageObject\",\"inLanguage\":\"fr-FR\",\"@id\":\"https:\\\/\\\/fablab.lepoles.org\\\/#\\\/schema\\\/logo\\\/image\\\/\",\"url\":\"http:\\\/\\\/projet2.lepoles.org\\\/wp-content\\\/uploads\\\/2020\\\/08\\\/logo-02.png\",\"contentUrl\":\"http:\\\/\\\/projet2.lepoles.org\\\/wp-content\\\/uploads\\\/2020\\\/08\\\/logo-02.png\",\"width\":2082,\"height\":802,\"caption\":\"FabLab PoleS\"},\"image\":{\"@id\":\"https:\\\/\\\/fablab.lepoles.org\\\/#\\\/schema\\\/logo\\\/image\\\/\"},\"sameAs\":[\"https:\\\/\\\/www.facebook.com\\\/lePoleSolidaire\",\"https:\\\/\\\/x.com\\\/lepolesidf\",\"https:\\\/\\\/www.instagram.com\\\/fablab_poles\\\/\",\"https:\\\/\\\/www.linkedin.com\\\/company\\\/lepoles\\\/mycompany\\\/\"]}]}<\/script>\n<!-- \/ Yoast SEO plugin. -->","yoast_head_json":{"title":"Notre \u00c9quipe - FabLab PoleS","robots":{"index":"index","follow":"follow","max-snippet":"max-snippet:-1","max-image-preview":"max-image-preview:large","max-video-preview":"max-video-preview:-1"},"canonical":"https:\/\/fablab.lepoles.org\/index.php\/notre-equipe\/","og_locale":"fr_FR","og_type":"article","og_title":"Notre \u00c9quipe - FabLab PoleS","og_description":"Notre \u00c9quipe Eric Privat Charg\u00e9e d'accompagnement socio-professionnel Lisa Ricci Charg\u00e9e d'accompagnement socio-professionnel","og_url":"https:\/\/fablab.lepoles.org\/index.php\/notre-equipe\/","og_site_name":"FabLab PoleS","article_publisher":"https:\/\/www.facebook.com\/lePoleSolidaire","article_modified_time":"2023-05-11T09:58:05+00:00","og_image":[{"width":2082,"height":802,"url":"https:\/\/fablab.lepoles.org\/wp-content\/uploads\/2020\/08\/logo-02.png","type":"image\/png"}],"twitter_card":"summary_large_image","twitter_site":"@lepolesidf","twitter_misc":{"Dur\u00e9e de lecture estim\u00e9e":"2 minutes"},"schema":{"@context":"https:\/\/schema.org","@graph":[{"@type":"WebPage","@id":"https:\/\/fablab.lepoles.org\/index.php\/notre-equipe\/","url":"https:\/\/fablab.lepoles.org\/index.php\/notre-equipe\/","name":"Notre \u00c9quipe - FabLab PoleS","isPartOf":{"@id":"https:\/\/fablab.lepoles.org\/#website"},"primaryImageOfPage":{"@id":"https:\/\/fablab.lepoles.org\/index.php\/notre-equipe\/#primaryimage"},"image":{"@id":"https:\/\/fablab.lepoles.org\/index.php\/notre-equipe\/#primaryimage"},"thumbnailUrl":"https:\/\/fablab.lepoles.org\/wp-content\/uploads\/2020\/08\/logo-02.png","datePublished":"2021-01-14T08:17:17+00:00","dateModified":"2023-05-11T09:58:05+00:00","breadcrumb":{"@id":"https:\/\/fablab.lepoles.org\/index.php\/notre-equipe\/#breadcrumb"},"inLanguage":"fr-FR","potentialAction":[{"@type":"ReadAction","target":["https:\/\/fablab.lepoles.org\/index.php\/notre-equipe\/"]}]},{"@type":"ImageObject","inLanguage":"fr-FR","@id":"https:\/\/fablab.lepoles.org\/index.php\/notre-equipe\/#primaryimage","url":"https:\/\/fablab.lepoles.org\/wp-content\/uploads\/2020\/08\/logo-02.png","contentUrl":"https:\/\/fablab.lepoles.org\/wp-content\/uploads\/2020\/08\/logo-02.png","width":2082,"height":802},{"@type":"BreadcrumbList","@id":"https:\/\/fablab.lepoles.org\/index.php\/notre-equipe\/#breadcrumb","itemListElement":[{"@type":"ListItem","position":1,"name":"Accueil","item":"https:\/\/fablab.lepoles.org\/"},{"@type":"ListItem","position":2,"name":"Notre \u00c9quipe"}]},{"@type":"WebSite","@id":"https:\/\/fablab.lepoles.org\/#website","url":"https:\/\/fablab.lepoles.org\/","name":"FabLab PoleS","description":"Les fablabs du PoleS","publisher":{"@id":"https:\/\/fablab.lepoles.org\/#organization"},"potentialAction":[{"@type":"SearchAction","target":{"@type":"EntryPoint","urlTemplate":"https:\/\/fablab.lepoles.org\/?s={search_term_string}"},"query-input":{"@type":"PropertyValueSpecification","valueRequired":true,"valueName":"search_term_string"}}],"inLanguage":"fr-FR"},{"@type":"Organization","@id":"https:\/\/fablab.lepoles.org\/#organization","name":"FabLab PoleS","url":"https:\/\/fablab.lepoles.org\/","logo":{"@type":"ImageObject","inLanguage":"fr-FR","@id":"https:\/\/fablab.lepoles.org\/#\/schema\/logo\/image\/","url":"http:\/\/projet2.lepoles.org\/wp-content\/uploads\/2020\/08\/logo-02.png","contentUrl":"http:\/\/projet2.lepoles.org\/wp-content\/uploads\/2020\/08\/logo-02.png","width":2082,"height":802,"caption":"FabLab PoleS"},"image":{"@id":"https:\/\/fablab.lepoles.org\/#\/schema\/logo\/image\/"},"sameAs":["https:\/\/www.facebook.com\/lePoleSolidaire","https:\/\/x.com\/lepolesidf","https:\/\/www.instagram.com\/fablab_poles\/","https:\/\/www.linkedin.com\/company\/lepoles\/mycompany\/"]}]}},"_links":{"self":[{"href":"https:\/\/fablab.lepoles.org\/index.php\/wp-json\/wp\/v2\/pages\/6196","targetHints":{"allow":["GET"]}}],"collection":[{"href":"https:\/\/fablab.lepoles.org\/index.php\/wp-json\/wp\/v2\/pages"}],"about":[{"href":"https:\/\/fablab.lepoles.org\/index.php\/wp-json\/wp\/v2\/types\/page"}],"author":[{"embeddable":true,"href":"https:\/\/fablab.lepoles.org\/index.php\/wp-json\/wp\/v2\/users\/12"}],"replies":[{"embeddable":true,"href":"https:\/\/fablab.lepoles.org\/index.php\/wp-json\/wp\/v2\/comments?post=6196"}],"version-history":[{"count":3,"href":"https:\/\/fablab.lepoles.org\/index.php\/wp-json\/wp\/v2\/pages\/6196\/revisions"}],"predecessor-version":[{"id":6692,"href":"https:\/\/fablab.lepoles.org\/index.php\/wp-json\/wp\/v2\/pages\/6196\/revisions\/6692"}],"wp:featuredmedia":[{"embeddable":true,"href":"https:\/\/fablab.lepoles.org\/index.php\/wp-json\/wp\/v2\/media\/1314"}],"wp:attachment":[{"href":"https:\/\/fablab.lepoles.org\/index.php\/wp-json\/wp\/v2\/media?parent=6196"}],"curies":[{"name":"wp","href":"https:\/\/api.w.org\/{rel}","templated":true}]}}